{"id":93,"date":"2022-03-04T09:21:00","date_gmt":"2022-03-04T09:21:00","guid":{"rendered":"https:\/\/patones.net\/site\/ayto\/?page_id=93"},"modified":"2025-10-28T13:37:51","modified_gmt":"2025-10-28T13:37:51","slug":"arquitecto-municipal","status":"publish","type":"page","link":"https:\/\/patones.net\/site\/ayto\/arquitecto-municipal\/","title":{"rendered":"Urbanismo"},"content":{"rendered":"\n<h4 class=\"wp-block-heading\"><\/h4>\n\n\n\n<h2 class=\"wp-block-heading\">PIC- Punto de Informaci\u00f3n catastral<\/h2>\n\n\n\n<p>Contacto: Sara Hernanz Hernanz. E: mail: sara@patones.net<\/p>\n\n\n\n<p>Horario atenci\u00f3n: Martes y Jueves de 9:00 a 13:00 h. con cita previa en el tel\u00e9fono 918432026.<\/p>\n\n\n\n<h2 class=\"wp-block-heading\">Concejal\u00eda de urbanismo<\/h2>\n\n\n\n<ul class=\"wp-block-list\">\n<li>D. Luis Arriazu Garc\u00eda. Contacto: alcaldia@patones.net<\/li>\n<\/ul>\n\n\n\n<figure class=\"wp-block-image size-full\"><a href=\"https:\/\/patones.net\/site\/ayto\/normas-subsidiarias\/\"><img loading=\"lazy\" decoding=\"async\" width=\"480\" height=\"150\" src=\"https:\/\/patones.net\/site\/ayto\/wp-content\/uploads\/2022\/03\/nnss.gif\" alt=\"\" class=\"wp-image-218\"\/><\/a><\/figure>\n\n\n\n<figure class=\"wp-block-image size-full\"><a href=\"https:\/\/patones.net\/site\/ayto\/plan-especial-de-aparcamientos-y-mejora-de-accesos-para-el-fomento-de-la-sostenibilidad-turistica-en-patones\/\" target=\"_blank\" rel=\"noreferrer noopener\"><img loading=\"lazy\" decoding=\"async\" width=\"480\" height=\"150\" src=\"https:\/\/patones.net\/site\/ayto\/wp-content\/uploads\/2024\/10\/plan_aparcamientos.jpg\" alt=\"\" class=\"wp-image-463\" srcset=\"https:\/\/patones.net\/site\/ayto\/wp-content\/uploads\/2024\/10\/plan_aparcamientos.jpg 480w, https:\/\/patones.net\/site\/ayto\/wp-content\/uploads\/2024\/10\/plan_aparcamientos-300x94.jpg 300w\" sizes=\"auto, (max-width: 480px) 100vw, 480px\" \/><\/a><\/figure>\n\n\n\n<figure class=\"wp-block-image size-full\"><a href=\"https:\/\/patones.net\/site\/ayto\/plan-especial-de-aparcamientos-y-mejora-de-accesos-en-patones-subsanado-de-acuerdo-con-iae-e-informes-sectoriales\/\"><img loading=\"lazy\" decoding=\"async\" width=\"480\" height=\"150\" src=\"https:\/\/patones.net\/site\/ayto\/wp-content\/uploads\/2025\/03\/plan_aparcamientos2.jpg\" alt=\"\" class=\"wp-image-506\" srcset=\"https:\/\/patones.net\/site\/ayto\/wp-content\/uploads\/2025\/03\/plan_aparcamientos2.jpg 480w, https:\/\/patones.net\/site\/ayto\/wp-content\/uploads\/2025\/03\/plan_aparcamientos2-300x94.jpg 300w\" sizes=\"auto, (max-width: 480px) 100vw, 480px\" \/><\/a><\/figure>\n\n\n\n<figure class=\"wp-block-image size-full\"><a href=\"https:\/\/www.patones.net\/ayto\/archivos\/pamif.pdf\" target=\"_blank\" rel=\" noreferrer noopener\"><img loading=\"lazy\" decoding=\"async\" width=\"480\" height=\"150\" src=\"https:\/\/patones.net\/site\/ayto\/wp-content\/uploads\/2025\/10\/Pamif.jpg\" alt=\"\" class=\"wp-image-624\" srcset=\"https:\/\/patones.net\/site\/ayto\/wp-content\/uploads\/2025\/10\/Pamif.jpg 480w, https:\/\/patones.net\/site\/ayto\/wp-content\/uploads\/2025\/10\/Pamif-300x94.jpg 300w\" sizes=\"auto, (max-width: 480px) 100vw, 480px\" \/><\/a><\/figure>\n\n\n\n<figure class=\"wp-block-image size-full\"><a href=\"https:\/\/www.patones.net\/ayto\/archivos\/paminun.pdf\" target=\"_blank\" rel=\" noreferrer noopener\"><img loading=\"lazy\" decoding=\"async\" width=\"480\" height=\"150\" src=\"https:\/\/patones.net\/site\/ayto\/wp-content\/uploads\/2025\/10\/Paminun.jpg\" alt=\"\" class=\"wp-image-625\" srcset=\"https:\/\/patones.net\/site\/ayto\/wp-content\/uploads\/2025\/10\/Paminun.jpg 480w, https:\/\/patones.net\/site\/ayto\/wp-content\/uploads\/2025\/10\/Paminun-300x94.jpg 300w\" sizes=\"auto, (max-width: 480px) 100vw, 480px\" \/><\/a><\/figure>\n\n\n\n<figure class=\"wp-block-image size-full\"><a href=\"https:\/\/www.patones.net\/ayto\/archivos\/Pro_Park.pdf\" target=\"_blank\" rel=\" noreferrer noopener\"><img loading=\"lazy\" decoding=\"async\" width=\"480\" height=\"150\" src=\"https:\/\/patones.net\/site\/ayto\/wp-content\/uploads\/2025\/10\/plan-parking.jpg\" alt=\"\" class=\"wp-image-651\" srcset=\"https:\/\/patones.net\/site\/ayto\/wp-content\/uploads\/2025\/10\/plan-parking.jpg 480w, https:\/\/patones.net\/site\/ayto\/wp-content\/uploads\/2025\/10\/plan-parking-300x94.jpg 300w\" sizes=\"auto, (max-width: 480px) 100vw, 480px\" \/><\/a><\/figure>\n\n\n\n<figure class=\"wp-block-image size-full is-resized\"><a href=\"https:\/\/www.patones.net\/ayto\/archivos\/Pro_Citeco.pdf\" target=\"_blank\" rel=\" noreferrer noopener\"><img loading=\"lazy\" decoding=\"async\" width=\"480\" height=\"150\" src=\"https:\/\/patones.net\/site\/ayto\/wp-content\/uploads\/2025\/10\/plan-citeco.jpg\" alt=\"\" class=\"wp-image-650\" style=\"width:481px;height:auto\" srcset=\"https:\/\/patones.net\/site\/ayto\/wp-content\/uploads\/2025\/10\/plan-citeco.jpg 480w, https:\/\/patones.net\/site\/ayto\/wp-content\/uploads\/2025\/10\/plan-citeco-300x94.jpg 300w\" sizes=\"auto, (max-width: 480px) 100vw, 480px\" \/><\/a><\/figure>\n","protected":false},"excerpt":{"rendered":"<p>PIC- Punto de Informaci\u00f3n catastral Contacto: Sara Hernanz Hernanz. E: mail: sara@patones.net Horario atenci\u00f3n: Martes y Jueves de 9:00 a 13:00 h. con cita previa en el tel\u00e9fono 918432026. Concejal\u00eda de urbanismo<\/p>\n","protected":false},"author":1,"featured_media":0,"parent":0,"menu_order":0,"comment_status":"closed","ping_status":"closed","template":"","meta":{"footnotes":""},"class_list":["post-93","page","type-page","status-publish","hentry"],"_links":{"self":[{"href":"https:\/\/patones.net\/site\/ayto\/wp-json\/wp\/v2\/pages\/93","targetHints":{"allow":["GET"]}}],"collection":[{"href":"https:\/\/patones.net\/site\/ayto\/wp-json\/wp\/v2\/pages"}],"about":[{"href":"https:\/\/patones.net\/site\/ayto\/wp-json\/wp\/v2\/types\/page"}],"author":[{"embeddable":true,"href":"https:\/\/patones.net\/site\/ayto\/wp-json\/wp\/v2\/users\/1"}],"replies":[{"embeddable":true,"href":"https:\/\/patones.net\/site\/ayto\/wp-json\/wp\/v2\/comments?post=93"}],"version-history":[{"count":28,"href":"https:\/\/patones.net\/site\/ayto\/wp-json\/wp\/v2\/pages\/93\/revisions"}],"predecessor-version":[{"id":657,"href":"https:\/\/patones.net\/site\/ayto\/wp-json\/wp\/v2\/pages\/93\/revisions\/657"}],"wp:attachment":[{"href":"https:\/\/patones.net\/site\/ayto\/wp-json\/wp\/v2\/media?parent=93"}],"curies":[{"name":"wp","href":"https:\/\/api.w.org\/{rel}","templated":true}]}}