{"id":106,"date":"2022-03-04T09:43:42","date_gmt":"2022-03-04T09:43:42","guid":{"rendered":"https:\/\/patones.net\/site\/ayto\/?page_id=106"},"modified":"2025-09-17T07:36:49","modified_gmt":"2025-09-17T07:36:49","slug":"educacion-y-cultura","status":"publish","type":"page","link":"https:\/\/patones.net\/site\/ayto\/educacion-y-cultura\/","title":{"rendered":"Educaci\u00f3n y Cultura"},"content":{"rendered":"\n<h2 class=\"wp-block-heading\">Concejal\u00eda de Educaci\u00f3n<\/h2>\n\n\n\n<ul class=\"wp-block-list\">\n<li>D. Juan Pedro Garc\u00eda Orgaz. Contacto: juanpedro@patones.net<\/li>\n\n\n\n<li>D\u00f1a. Isabel Hernanz Melones. Contacto: isabelhernanz@patones.net<\/li>\n<\/ul>\n\n\n\n<h2 class=\"wp-block-heading\">Concejal\u00eda de Cultura<\/h2>\n\n\n\n<ul class=\"wp-block-list\">\n<li>D\u00f1a. Mar\u00eda del Roc\u00edo Gil Ruiz. Contacto: rocio@patones.net<\/li>\n\n\n\n<li>D\u00f1a. Isabel Hernanz Melones. Contacto: isabelhernanz@patones.net<\/li>\n<\/ul>\n\n\n\n<hr class=\"wp-block-separator has-css-opacity is-style-wide\"\/>\n\n\n\n<h2 class=\"wp-block-heading\">Centro de lectura \u00abElvira Lindo\u00bb. Espacios infantil, joven y adulto.<\/h2>\n\n\n\n<p><strong>Pr\u00e9stamo de libros y juegos de mesa, talleres tem\u00e1ticos, manualidades&#8230;<\/strong><\/p>\n\n\n\n<p><strong>Horario pr\u00e9stamo de libros:<\/strong> Lunes a jueves de 10:00 a 20:00 h. Viernes de 9:00 a 15:00 h.<\/p>\n\n\n\n<figure class=\"wp-block-image size-full\"><a href=\"https:\/\/www.patones.net\/wp-content\/uploads\/2025\/09\/Actividades_Centro_Lectura_2025_2026.pdf\"><img loading=\"lazy\" decoding=\"async\" width=\"480\" height=\"150\" src=\"https:\/\/patones.net\/site\/ayto\/wp-content\/uploads\/2025\/09\/banner-lectura-1.jpg\" alt=\"\" class=\"wp-image-607\" srcset=\"https:\/\/patones.net\/site\/ayto\/wp-content\/uploads\/2025\/09\/banner-lectura-1.jpg 480w, https:\/\/patones.net\/site\/ayto\/wp-content\/uploads\/2025\/09\/banner-lectura-1-300x94.jpg 300w\" sizes=\"auto, (max-width: 480px) 100vw, 480px\" \/><\/a><\/figure>\n\n\n\n<p><\/p>\n\n\n\n<figure class=\"wp-block-image size-full\"><a href=\"https:\/\/patones.net\/site\/ayto\/wp-content\/uploads\/2025\/09\/HORARIO-SEMANAL-2025-2026.pdf\"><img loading=\"lazy\" decoding=\"async\" width=\"787\" height=\"557\" src=\"https:\/\/patones.net\/site\/ayto\/wp-content\/uploads\/2025\/09\/horario-2025_2026.jpg\" alt=\"\" class=\"wp-image-614\" srcset=\"https:\/\/patones.net\/site\/ayto\/wp-content\/uploads\/2025\/09\/horario-2025_2026.jpg 787w, https:\/\/patones.net\/site\/ayto\/wp-content\/uploads\/2025\/09\/horario-2025_2026-300x212.jpg 300w, https:\/\/patones.net\/site\/ayto\/wp-content\/uploads\/2025\/09\/horario-2025_2026-768x544.jpg 768w\" sizes=\"auto, (max-width: 787px) 100vw, 787px\" \/><\/a><\/figure>\n\n\n\n<p><strong>Direcci\u00f3n:<\/strong> Plaza de la Constituci\u00f3n, 3 (Al lado del ayuntamiento).<\/p>\n\n\n\n<p><strong>Contacto:<\/strong> biblioteca@patones.net<\/p>\n\n\n\n<p><strong>Tel\u00e9fono:<\/strong> 918432062<\/p>\n\n\n\n<figure class=\"wp-block-image size-full\"><a href=\"https:\/\/www.facebook.com\/centrolecturaelviralindo\"><img loading=\"lazy\" decoding=\"async\" width=\"189\" height=\"77\" src=\"https:\/\/patones.net\/site\/ayto\/wp-content\/uploads\/2025\/08\/facebook.jpg\" alt=\"\" class=\"wp-image-597\"\/><\/a><\/figure>\n\n\n\n<figure class=\"wp-block-image size-full\"><a href=\"https:\/\/www.instagram.com\/centrodelecturaelviralindo\/\"><img loading=\"lazy\" decoding=\"async\" width=\"190\" height=\"76\" src=\"https:\/\/patones.net\/site\/ayto\/wp-content\/uploads\/2025\/08\/instagram.jpg\" alt=\"\" class=\"wp-image-598\"\/><\/a><\/figure>\n","protected":false},"excerpt":{"rendered":"<p>Concejal\u00eda de Educaci\u00f3n Concejal\u00eda de Cultura Centro de lectura \u00abElvira Lindo\u00bb. Espacios infantil, joven y adulto. Pr\u00e9stamo de libros y juegos de mesa, talleres tem\u00e1ticos, manualidades&#8230; Horario pr\u00e9stamo de libros: Lunes a jueves de 10:00 a 20:00 h. Viernes de <a class=\"more-link\" href=\"https:\/\/patones.net\/site\/ayto\/educacion-y-cultura\/\">Seguir leyendo <span class=\"screen-reader-text\">  Educaci\u00f3n y Cultura<\/span><span class=\"meta-nav\">&rarr;<\/span><\/a><\/p>\n","protected":false},"author":1,"featured_media":0,"parent":0,"menu_order":0,"comment_status":"closed","ping_status":"closed","template":"","meta":{"footnotes":""},"class_list":["post-106","page","type-page","status-publish","hentry"],"_links":{"self":[{"href":"https:\/\/patones.net\/site\/ayto\/wp-json\/wp\/v2\/pages\/106","targetHints":{"allow":["GET"]}}],"collection":[{"href":"https:\/\/patones.net\/site\/ayto\/wp-json\/wp\/v2\/pages"}],"about":[{"href":"https:\/\/patones.net\/site\/ayto\/wp-json\/wp\/v2\/types\/page"}],"author":[{"embeddable":true,"href":"https:\/\/patones.net\/site\/ayto\/wp-json\/wp\/v2\/users\/1"}],"replies":[{"embeddable":true,"href":"https:\/\/patones.net\/site\/ayto\/wp-json\/wp\/v2\/comments?post=106"}],"version-history":[{"count":46,"href":"https:\/\/patones.net\/site\/ayto\/wp-json\/wp\/v2\/pages\/106\/revisions"}],"predecessor-version":[{"id":621,"href":"https:\/\/patones.net\/site\/ayto\/wp-json\/wp\/v2\/pages\/106\/revisions\/621"}],"wp:attachment":[{"href":"https:\/\/patones.net\/site\/ayto\/wp-json\/wp\/v2\/media?parent=106"}],"curies":[{"name":"wp","href":"https:\/\/api.w.org\/{rel}","templated":true}]}}